{"id":150,"date":"2013-02-14T10:24:38","date_gmt":"2013-02-14T09:24:38","guid":{"rendered":"http:\/\/www.rc-kosice.sk\/?page_id=150"},"modified":"2013-02-14T10:24:47","modified_gmt":"2013-02-14T09:24:47","slug":"uss","status":"publish","type":"page","link":"https:\/\/www.rc-kosice.sk\/?page_id=150","title":{"rendered":"USS"},"content":{"rendered":"<div id=\"content\"><b>Pre deti<\/b>\u201eV\u00fdnimo\u010dn\u00e9 sa d\u00e1 n\u00e1js\u0165 aj na ceste v\u0161edn\u00fdch \u013eud\u00ed.\u201c<\/p>\n<p>Deti z\u00a0n\u00e1\u0161ho domova za\u017eili hlavne trpkos\u0165 \u017eivota a\u00a0je \u0165a\u017ek\u00e9 im nahradi\u0165 v\u0161etko to, \u010do im ch\u00fdbalo a\u00a0st\u00e1le ch\u00fdba, aby mohli \u017ei\u0165 \u201enorm\u00e1lnym\u201c \u017eivotom.<\/p>\n<p>\u00dasilie dospel\u00fdch \u2013 pracovn\u00edkov reeduka\u010dn\u00e9ho domova \u2013 smeruje k\u00a0tomu, aby sa tieto deti nau\u010dili te\u0161i\u0165 z\u00a0ka\u017ed\u00e9ho d\u0148a (aj ke\u010f s\u00fa mimo rodiny), aby za\u017e\u00edvali \u00faspech a\u00a0rados\u0165 z\u00a0vlastn\u00fdch v\u00fdkonov, aby dok\u00e1zali odol\u00e1va\u0165 \u201en\u00e1strah\u00e1m\u201c \u017eivota.<\/p>\n<p>V\u00e4\u010d\u0161ina na\u0161ich det\u00ed poch\u00e1dza z\u00a0rod\u00edn soci\u00e1lne a\u00a0ekonomicky znev\u00fdhodnen\u00fdch a\u00a0ich spr\u00e1vanie a\u00a0poh\u013ead na svet je v\u00fdrazne ovplyvnen\u00fd pocitmi nedostatku, \u010di u\u017e materi\u00e1lneho, a\u00a0predov\u0161etk\u00fdm emocion\u00e1lneho. Ka\u017ed\u00e9mu die\u0165a\u0165u sa sna\u017e\u00edme po\u010das jeho pobytu v\u00a0na\u0161om zariaden\u00ed vytvori\u0165 podmienky na to, aby za\u017eilo pocit bezpe\u010dia, istoty, s\u00fakromia a\u00a0aspo\u0148 priemern\u00fa \u00farove\u0148 \u017eivotn\u00fdch podmienok. Av\u0161ak proviz\u00f3rne, \u010dasto nefunk\u010dn\u00e9 vybavenie na\u0161ich ubytovac\u00edch priestorov, znehodnoten\u00e9 x-ro\u010dn\u00fdm pou\u017e\u00edvan\u00edm, v\u00a0\u017eiadnom pr\u00edpade nem\u00f4\u017ee u\u00a0det\u00ed navodi\u0165 hrejiv\u00fd pocit domova.<\/p>\n<p>N\u00e1\u0161 nieko\u013ekoro\u010dn\u00fd probl\u00e9m s\u00a0nevyhovuj\u00facim vybaven\u00edm ubytovac\u00edch priestorov sa n\u00e1m podarilo \u010diasto\u010dne rie\u0161i\u0165 v\u010faka ve\u013ekorys\u00e9mu finan\u010dn\u00e9mu daru<strong> U.S.Steel Ko\u0161ice<\/strong>. Sp\u00e1lne a\u00a0ob\u00fdva\u010dky dvoch ve\u013ek\u00fdch rod\u00edn (dvoch v\u00fdchovn\u00fdch skup\u00edn), ktor\u00e9 kedysi p\u00f4sobili deprimuj\u00faco, stiesnene a\u00a0typicky \u201e\u00fastav\u00e1cky\u201c, po zariaden\u00ed nov\u00fdm n\u00e1bytkom a\u00a0doplnkami poskytuj\u00fa de\u0165om pohodlie, stali sa miestom oddychu, uvo\u013enenia a\u00a0\u201erodinnej pohody\u201c.<\/p>\n<p>V\u00a0U.S.Steel sme sa stretli s\u00a0pochopen\u00edm aj pre \u0161portov\u00e9 z\u00e1ujmy na\u0161ich det\u00ed \u2013 v\u00a0\u0161kolskom roku 2005\/2006 sme z\u00a0ich pr\u00edspevku zabezpe\u010dili \u0161portov\u00e9 potreby pre 70 det\u00ed a\u00a0n\u00e1klady spojen\u00e9 s\u00a0realiz\u00e1ciou plaveck\u00e9ho v\u00fdcviku raz t\u00fd\u017edenne v Mestskej plav\u00e1rni v\u00a0Ko\u0161iciach v\u00a0r\u00e1mci kr\u00fa\u017ekovej \u010dinnosti.<\/p>\n<p>Partnerstvo s U.S.Steel je pre na\u0161e deti z\u00e1rove\u0148 aj vstupenkou na viacer\u00e9 podujatia, s\u00fa\u0165a\u017ee, atrakt\u00edvne akcie. Na pozvanie U.S.Steel na\u0161i chlapci odbehli Minimarat\u00f3n &#8230; pri \u00fa\u010dasti na hokejovej extralige chlapci boli nad\u0161en\u00ed z\u00a0v\u00fdkonov ko\u0161ick\u00fdch hokejistov, diev\u010dat\u00e1 uchv\u00e1ten\u00e9 U.S.Steel ar\u00e9nou &#8230; po\u010das viano\u010dn\u00fdch trhov sa Ko\u0161i\u010dania v\u00a0st\u00e1nku U.S.Steel mohli dozvedie\u0165, \u017ee na Bankove s\u00fa \u0161ikovn\u00e9 deti a\u00a0ka\u017ed\u00e9mu \u010dloveku s\u00a0dobr\u00fdm srdcom venuj\u00fa dar\u010dek.<\/p>\n<p>Pomoc a\u00a0podporu U.S.Steel Ko\u0161ice vystihuje cit\u00e1t:<br \/>\n\u201e\u013dudia pr\u00eddu v\u017edy v\u00a0prav\u00fd \u010das na prav\u00e9 miesto, kde ich o\u010dak\u00e1vaj\u00fa.\u201c P. Coelho<\/p>\n<\/div>\n","protected":false},"excerpt":{"rendered":"<p>Pre deti\u201eV\u00fdnimo\u010dn\u00e9 sa d\u00e1 n\u00e1js\u0165 aj na ceste v\u0161edn\u00fdch \u013eud\u00ed.\u201c Deti z\u00a0n\u00e1\u0161ho domova za\u017eili hlavne trpkos\u0165 \u017eivota a\u00a0je \u0165a\u017ek\u00e9 im nahradi\u0165 v\u0161etko to, \u010do im ch\u00fdbalo a\u00a0st\u00e1le ch\u00fdba, aby mohli \u017ei\u0165 \u201enorm\u00e1lnym\u201c \u017eivotom. \u00dasilie dospel\u00fdch \u2013 pracovn\u00edkov reeduka\u010dn\u00e9ho domova \u2013 &hellip; <a href=\"https:\/\/www.rc-kosice.sk\/?page_id=150\">Pokra\u010dova\u0165 v \u010d\u00edtan\u00ed <span class=\"meta-nav\">&rarr;<\/span><\/a><\/p>\n","protected":false},"author":1,"featured_media":0,"parent":14,"menu_order":7,"comment_status":"closed","ping_status":"closed","template":"","meta":[],"aioseo_notices":[],"_links":{"self":[{"href":"https:\/\/www.rc-kosice.sk\/index.php?rest_route=\/wp\/v2\/pages\/150"}],"collection":[{"href":"https:\/\/www.rc-kosice.sk\/index.php?rest_route=\/wp\/v2\/pages"}],"about":[{"href":"https:\/\/www.rc-kosice.sk\/index.php?rest_route=\/wp\/v2\/types\/page"}],"author":[{"embeddable":true,"href":"https:\/\/www.rc-kosice.sk\/index.php?rest_route=\/wp\/v2\/users\/1"}],"replies":[{"embeddable":true,"href":"https:\/\/www.rc-kosice.sk\/index.php?rest_route=%2Fwp%2Fv2%2Fcomments&post=150"}],"version-history":[{"count":3,"href":"https:\/\/www.rc-kosice.sk\/index.php?rest_route=\/wp\/v2\/pages\/150\/revisions"}],"predecessor-version":[{"id":154,"href":"https:\/\/www.rc-kosice.sk\/index.php?rest_route=\/wp\/v2\/pages\/150\/revisions\/154"}],"up":[{"embeddable":true,"href":"https:\/\/www.rc-kosice.sk\/index.php?rest_route=\/wp\/v2\/pages\/14"}],"wp:attachment":[{"href":"https:\/\/www.rc-kosice.sk\/index.php?rest_route=%2Fwp%2Fv2%2Fmedia&parent=150"}],"curies":[{"name":"wp","href":"https:\/\/api.w.org\/{rel}","templated":true}]}}